{"id":859,"date":"2022-08-17T04:39:34","date_gmt":"2022-08-17T04:39:34","guid":{"rendered":"https:\/\/acreciap.kivart.com\/?page_id=859"},"modified":"2022-08-19T04:37:36","modified_gmt":"2022-08-19T04:37:36","slug":"nosotros","status":"publish","type":"page","link":"https:\/\/acreciap.org\/index.php\/nosotros\/","title":{"rendered":"NOSOTROS"},"content":{"rendered":"<section class=\"wpb-content-wrapper\"><p>[vc_row][vc_column][vc_empty_space height=&#8221;64px&#8221;][vc_column_text]<\/p>\n<h2>Misi\u00f3n:<\/h2>\n<p><em>Facilitar que las personas en el estado de Morelos, con o sin enfermedades visuales ejerzan su derecho a la salud visual y las personas con discapacidad visual a la inclusi\u00f3n social.<\/em><\/p>\n<p>&nbsp;<\/p>\n<h2>Visi\u00f3n:<\/h2>\n<p><em>Nos proyectamos como una instituci\u00f3n:\u00a0<\/em><\/p>\n<ul>\n<li><em>Reconocida como centro de atenci\u00f3n a la vanguardia tecnol\u00f3gica y con un modelo de intervenci\u00f3n integral dirigido, principalmente, a personas en vulnerabilidad social con padecimientos visuales cr\u00f3nicos o pasajeros.<\/em><\/li>\n<li><em>Con alianzas estrat\u00e9gicas para la atenci\u00f3n de padecimientos visuales cr\u00f3nicos o pasajeros de las personas en vulnerabilidad social.\u00a0<\/em><\/li>\n<li><em>Con incidencia en pol\u00edtica p\u00fablica a partir de la sistematizaci\u00f3n y documentaci\u00f3n de nuestras experiencias a favor de la salud visual.<\/em><\/li>\n<\/ul>\n<p>&nbsp;<\/p>\n<h2>Valores:<\/h2>\n<ul>\n<li><em>Honestidad\u00a0<\/em><\/li>\n<li><em>Equidad\u00a0<\/em><\/li>\n<li><em>Compromiso\u00a0<\/em><\/li>\n<li><em>Lealtad\u00a0<\/em><\/li>\n<li><em>Responsabilidad\u00a0<\/em><\/li>\n<li><em>Transparencia<\/em><\/li>\n<\/ul>\n<p>Nuestra estrategia se integra a la visi\u00f3n de los Objetivos de desarrollo sostenible (ODS) a trav\u00e9s del objetivo global 3. Salud y Bienestar, que busca \u201cgarantizar vidas saludables y promover el bienestar para todas las edades\u201d, de forma espec\u00edfica a la meta 3.8, que refiere el qu\u00e9 y c\u00f3mo alcanzar dichas metas. La meta 3.8 consiste en lograr la cobertura sanitaria universal, en particular la protecci\u00f3n contra los riesgos financieros, el acceso a servicios de salud esenciales de calidad y el acceso a medicamentos y vacunas seguros, eficaces, asequibles y de calidad para todos.[\/vc_column_text][vc_empty_space height=&#8221;64px&#8221;][\/vc_column][\/vc_row]<\/p>\n<\/section>","protected":false},"excerpt":{"rendered":"<p class=\"card-text\">[vc_row][vc_column][vc_empty_space height=&#8221;64px&#8221;][vc_column_text] Misi\u00f3n: Facilitar que las personas en el estado de Morelos, con o sin enfermedades visuales ejerzan su derecho a la salud visual y las personas con discapacidad visual a la inclusi\u00f3n social. &nbsp; Visi\u00f3n: Nos proyectamos como una instituci\u00f3n:\u00a0 Reconocida como centro de atenci\u00f3n a la vanguardia tecnol\u00f3gica y con un modelo de [&#8230;]<\/p>\n<p class=\"m-0\"><a class=\"btn btn-outline-secondary btn-read-more\" href=\"https:\/\/acreciap.org\/index.php\/nosotros\/\">Read More<\/a><\/p>\n","protected":false},"author":1,"featured_media":0,"parent":0,"menu_order":0,"comment_status":"closed","ping_status":"closed","template":"","meta":{"footnotes":""},"class_list":["post-859","page","type-page","status-publish","hentry"],"yoast_head":"<!-- This site is optimized with the Yoast SEO plugin v22.2 - https:\/\/yoast.com\/wordpress\/plugins\/seo\/ -->\n<title>NOSOTROS - Top Of The World<\/title>\n<meta name=\"robots\" content=\"index, follow, max-snippet:-1, max-image-preview:large, max-video-preview:-1\" \/>\n<link rel=\"canonical\" href=\"https:\/\/acreciap.org\/index.php\/nosotros\/\" \/>\n<meta property=\"og:locale\" content=\"es_ES\" \/>\n<meta property=\"og:type\" content=\"article\" \/>\n<meta property=\"og:title\" content=\"NOSOTROS - Top Of The World\" \/>\n<meta property=\"og:description\" content=\"[vc_row][vc_column][vc_empty_space height=&#8221;64px&#8221;][vc_column_text] Misi\u00f3n: Facilitar que las personas en el estado de Morelos, con o sin enfermedades visuales ejerzan su derecho a la salud visual y las personas con discapacidad visual a la inclusi\u00f3n social. &nbsp; Visi\u00f3n: Nos proyectamos como una instituci\u00f3n:\u00a0 Reconocida como centro de atenci\u00f3n a la vanguardia tecnol\u00f3gica y con un modelo de [...]Read More\" \/>\n<meta property=\"og:url\" content=\"https:\/\/acreciap.org\/index.php\/nosotros\/\" \/>\n<meta property=\"og:site_name\" content=\"Top Of The World\" \/>\n<meta property=\"article:modified_time\" content=\"2022-08-19T04:37:36+00:00\" \/>\n<meta name=\"twitter:card\" content=\"summary_large_image\" \/>\n<meta name=\"twitter:label1\" content=\"Tiempo de lectura\" \/>\n\t<meta name=\"twitter:data1\" content=\"1 minuto\" \/>\n<script type=\"application\/ld+json\" class=\"yoast-schema-graph\">{\"@context\":\"https:\/\/schema.org\",\"@graph\":[{\"@type\":\"WebPage\",\"@id\":\"https:\/\/acreciap.org\/index.php\/nosotros\/\",\"url\":\"https:\/\/acreciap.org\/index.php\/nosotros\/\",\"name\":\"NOSOTROS - Top Of The World\",\"isPartOf\":{\"@id\":\"https:\/\/acreciap.org\/#website\"},\"datePublished\":\"2022-08-17T04:39:34+00:00\",\"dateModified\":\"2022-08-19T04:37:36+00:00\",\"breadcrumb\":{\"@id\":\"https:\/\/acreciap.org\/index.php\/nosotros\/#breadcrumb\"},\"inLanguage\":\"es\",\"potentialAction\":[{\"@type\":\"ReadAction\",\"target\":[\"https:\/\/acreciap.org\/index.php\/nosotros\/\"]}]},{\"@type\":\"BreadcrumbList\",\"@id\":\"https:\/\/acreciap.org\/index.php\/nosotros\/#breadcrumb\",\"itemListElement\":[{\"@type\":\"ListItem\",\"position\":1,\"name\":\"Portada\",\"item\":\"https:\/\/acreciap.org\/\"},{\"@type\":\"ListItem\",\"position\":2,\"name\":\"NOSOTROS\"}]},{\"@type\":\"WebSite\",\"@id\":\"https:\/\/acreciap.org\/#website\",\"url\":\"https:\/\/acreciap.org\/\",\"name\":\"Top Of The World\",\"description\":\"Just another WordPress site\",\"potentialAction\":[{\"@type\":\"SearchAction\",\"target\":{\"@type\":\"EntryPoint\",\"urlTemplate\":\"https:\/\/acreciap.org\/?s={search_term_string}\"},\"query-input\":\"required name=search_term_string\"}],\"inLanguage\":\"es\"}]}<\/script>\n<!-- \/ Yoast SEO plugin. -->","yoast_head_json":{"title":"NOSOTROS - Top Of The World","robots":{"index":"index","follow":"follow","max-snippet":"max-snippet:-1","max-image-preview":"max-image-preview:large","max-video-preview":"max-video-preview:-1"},"canonical":"https:\/\/acreciap.org\/index.php\/nosotros\/","og_locale":"es_ES","og_type":"article","og_title":"NOSOTROS - Top Of The World","og_description":"[vc_row][vc_column][vc_empty_space height=&#8221;64px&#8221;][vc_column_text] Misi\u00f3n: Facilitar que las personas en el estado de Morelos, con o sin enfermedades visuales ejerzan su derecho a la salud visual y las personas con discapacidad visual a la inclusi\u00f3n social. &nbsp; Visi\u00f3n: Nos proyectamos como una instituci\u00f3n:\u00a0 Reconocida como centro de atenci\u00f3n a la vanguardia tecnol\u00f3gica y con un modelo de [...]Read More","og_url":"https:\/\/acreciap.org\/index.php\/nosotros\/","og_site_name":"Top Of The World","article_modified_time":"2022-08-19T04:37:36+00:00","twitter_card":"summary_large_image","twitter_misc":{"Tiempo de lectura":"1 minuto"},"schema":{"@context":"https:\/\/schema.org","@graph":[{"@type":"WebPage","@id":"https:\/\/acreciap.org\/index.php\/nosotros\/","url":"https:\/\/acreciap.org\/index.php\/nosotros\/","name":"NOSOTROS - Top Of The World","isPartOf":{"@id":"https:\/\/acreciap.org\/#website"},"datePublished":"2022-08-17T04:39:34+00:00","dateModified":"2022-08-19T04:37:36+00:00","breadcrumb":{"@id":"https:\/\/acreciap.org\/index.php\/nosotros\/#breadcrumb"},"inLanguage":"es","potentialAction":[{"@type":"ReadAction","target":["https:\/\/acreciap.org\/index.php\/nosotros\/"]}]},{"@type":"BreadcrumbList","@id":"https:\/\/acreciap.org\/index.php\/nosotros\/#breadcrumb","itemListElement":[{"@type":"ListItem","position":1,"name":"Portada","item":"https:\/\/acreciap.org\/"},{"@type":"ListItem","position":2,"name":"NOSOTROS"}]},{"@type":"WebSite","@id":"https:\/\/acreciap.org\/#website","url":"https:\/\/acreciap.org\/","name":"Top Of The World","description":"Just another WordPress site","potentialAction":[{"@type":"SearchAction","target":{"@type":"EntryPoint","urlTemplate":"https:\/\/acreciap.org\/?s={search_term_string}"},"query-input":"required name=search_term_string"}],"inLanguage":"es"}]}},"_links":{"self":[{"href":"https:\/\/acreciap.org\/index.php\/wp-json\/wp\/v2\/pages\/859","targetHints":{"allow":["GET"]}}],"collection":[{"href":"https:\/\/acreciap.org\/index.php\/wp-json\/wp\/v2\/pages"}],"about":[{"href":"https:\/\/acreciap.org\/index.php\/wp-json\/wp\/v2\/types\/page"}],"author":[{"embeddable":true,"href":"https:\/\/acreciap.org\/index.php\/wp-json\/wp\/v2\/users\/1"}],"replies":[{"embeddable":true,"href":"https:\/\/acreciap.org\/index.php\/wp-json\/wp\/v2\/comments?post=859"}],"version-history":[{"count":6,"href":"https:\/\/acreciap.org\/index.php\/wp-json\/wp\/v2\/pages\/859\/revisions"}],"predecessor-version":[{"id":974,"href":"https:\/\/acreciap.org\/index.php\/wp-json\/wp\/v2\/pages\/859\/revisions\/974"}],"wp:attachment":[{"href":"https:\/\/acreciap.org\/index.php\/wp-json\/wp\/v2\/media?parent=859"}],"curies":[{"name":"wp","href":"https:\/\/api.w.org\/{rel}","templated":true}]}}